{"id":2902,"date":"2025-09-19T10:29:57","date_gmt":"2025-09-19T08:29:57","guid":{"rendered":"https:\/\/texcene.bspkn.it\/servizi\/"},"modified":"2026-03-11T12:44:24","modified_gmt":"2026-03-11T11:44:24","slug":"dienstleistungen","status":"publish","type":"page","link":"https:\/\/www.texcene.com\/de\/dienstleistungen\/","title":{"rendered":"Dienstleistungen"},"content":{"rendered":"<header role=\"hero\" class=\"relative flex flex-col items-start bg-black justify-end text-white  mb-8 lg:mb-11\">\n    <img loading=\"lazy\" decoding=\"async\" width=\"2160\" height=\"827\" src=\"https:\/\/www.texcene.com\/wp-content\/uploads\/2026\/02\/I-nostri-servizi.avif\" class=\"size-full top-0 left-0 z-0 object-cover absolute\" alt=\"\" srcset=\"https:\/\/www.texcene.com\/wp-content\/uploads\/2026\/02\/I-nostri-servizi.avif 2160w, https:\/\/www.texcene.com\/wp-content\/uploads\/2026\/02\/I-nostri-servizi-300x115.avif 300w, https:\/\/www.texcene.com\/wp-content\/uploads\/2026\/02\/I-nostri-servizi-1024x392.avif 1024w, https:\/\/www.texcene.com\/wp-content\/uploads\/2026\/02\/I-nostri-servizi-768x294.avif 768w, https:\/\/www.texcene.com\/wp-content\/uploads\/2026\/02\/I-nostri-servizi-1536x588.avif 1536w, https:\/\/www.texcene.com\/wp-content\/uploads\/2026\/02\/I-nostri-servizi-2048x784.avif 2048w\" sizes=\"auto, (max-width: 2160px) 100vw, 2160px\" \/>        \n    <div class=\"relative sides flex flex-col items-start w-full gap-5 md:gap-8 max-w-303 pt-20 pb-15 md:pt-37 md:pb-30\">\n        <h1 class=\"text-3xl md:text-5xl lg:text-7xl font-bold pt-25 md:pt-30 md:max-w-2\/3\">Unsere Dienstleistungen<\/h1>\n                <h2 class=\"font-inter text-lg md:text-2xl \">Jeder Kunde, eine individuelle L\u00f6sung<\/h2>\n            <\/div>\n    <\/header>\n\n<div class=\"mt-11 text-white relative\" >\n    <img loading=\"lazy\" decoding=\"async\" width=\"2560\" height=\"340\" src=\"https:\/\/www.texcene.com\/wp-content\/uploads\/2025\/09\/servizi-quote-1-scaled.avif\" class=\"size-full object-cover top-0 left-0 absolute z-0\" alt=\"\" srcset=\"https:\/\/www.texcene.com\/wp-content\/uploads\/2025\/09\/servizi-quote-1-scaled.avif 2560w, https:\/\/www.texcene.com\/wp-content\/uploads\/2025\/09\/servizi-quote-1-300x40.avif 300w, https:\/\/www.texcene.com\/wp-content\/uploads\/2025\/09\/servizi-quote-1-1024x136.avif 1024w, https:\/\/www.texcene.com\/wp-content\/uploads\/2025\/09\/servizi-quote-1-768x102.avif 768w, https:\/\/www.texcene.com\/wp-content\/uploads\/2025\/09\/servizi-quote-1-1536x204.avif 1536w, https:\/\/www.texcene.com\/wp-content\/uploads\/2025\/09\/servizi-quote-1-2048x272.avif 2048w\" sizes=\"auto, (max-width: 2560px) 100vw, 2560px\" \/>    <blockquote class=\"text-xl relative font-inter sides flex gap-3 py-8 max-w-360 md:text-2xl italic text-center\">\n        <svg width=\"34\" height=\"28\" class=\"flex-none\"><use href=\"#ldquo\"\/><\/svg><p>Die Qualit\u00e4t der Produktion ist ebenso wichtig wie die Anforderungen des Kunden, der sie beauftragt hat \u2013 wir setzen alles daran, ihn in jeder Hinsicht bestm\u00f6glich zu unterst\u00fctzen.<\/p>\n<svg width=\"34\" height=\"28\" class=\"self-end flex-none\"><use href=\"#rdquo\"\/><\/svg>    <\/blockquote>\n<\/div>\n\n\n<div class=\"sides max-w-360 py-11 grid grid-cols-1 md:grid-cols-2 md:gap-11 gap-5 \">\n            <div class=\"relative flex flex-col   p-8 md:p-16 md:py-16 md:px-12 lg:py-32 lg:px-24  text-white w-full\">\n                    <img loading=\"lazy\" decoding=\"async\" width=\"980\" height=\"960\" src=\"https:\/\/www.texcene.com\/wp-content\/uploads\/2026\/02\/luxury-block.avif\" class=\"size-full absolute top-0 left-0 object-cover z-0\" alt=\"\" srcset=\"https:\/\/www.texcene.com\/wp-content\/uploads\/2026\/02\/luxury-block.avif 980w, https:\/\/www.texcene.com\/wp-content\/uploads\/2026\/02\/luxury-block-300x294.avif 300w, https:\/\/www.texcene.com\/wp-content\/uploads\/2026\/02\/luxury-block-768x752.avif 768w\" sizes=\"auto, (max-width: 980px) 100vw, 980px\" \/>                <div class=\"relative z-10 flex flex-col gap-12 justify-between md:gap-25 min-h-full \">\n            <div class=\"flex flex-col gap-2 lg:mt-25\">\n                <h3 class=\"text-2xl md:text-4xl lg:text-5xl font-bold \">Stoffe f\u00fcr<br \/>\r\nLuxusverpackungen<\/h3>\n                                <div class=\"text-base md:text-lg\">\n                    <p>Entwickelt zur Aufwertung hochwertiger Produkte in den Bereichen Mode und Lederwaren, mit anspruchsvollen Veredelungen und edler Haptik.<\/p>\n                <\/div>\n                            <\/div>\n                        <nav class=\"text-center\">\n                <a href=\"https:\/\/www.texcene.com\/de\/masgeschneidertes-textil-packaging\/\" class=\"btn border-white \" target=\"_blank\">Mehr erfahren<\/a>\n            <\/nav>\n                    <\/div>\n    <\/div>\n        <div class=\"relative flex flex-col   p-8 md:p-16 md:py-16 md:px-12 lg:py-32 lg:px-24  text-white w-full\">\n                    <img loading=\"lazy\" decoding=\"async\" width=\"981\" height=\"960\" src=\"https:\/\/www.texcene.com\/wp-content\/uploads\/2026\/02\/productionblock.avif\" class=\"size-full absolute top-0 left-0 object-cover z-0\" alt=\"\" srcset=\"https:\/\/www.texcene.com\/wp-content\/uploads\/2026\/02\/productionblock.avif 981w, https:\/\/www.texcene.com\/wp-content\/uploads\/2026\/02\/productionblock-300x294.avif 300w, https:\/\/www.texcene.com\/wp-content\/uploads\/2026\/02\/productionblock-768x752.avif 768w\" sizes=\"auto, (max-width: 981px) 100vw, 981px\" \/>                <div class=\"relative z-10 flex flex-col gap-12 justify-between md:gap-25 min-h-full \">\n            <div class=\"flex flex-col gap-2 lg:mt-25\">\n                <h3 class=\"text-2xl md:text-4xl lg:text-5xl font-bold \">Textile Lohnfertigung f\u00fcr den Wohnbereich<\/h3>\n                                <div class=\"text-base md:text-lg\">\n                    <p>Im Dienst f\u00fchrender Einrichtungsmarken \u2013 mit h\u00f6chsten Qualit\u00e4tsstandards, Produktionsflexibilit\u00e4t und ma\u00dfgeschneiderter Sorgfalt bis ins Detail.<\/p>\n                <\/div>\n                            <\/div>\n                        <nav class=\"text-center\">\n                <a href=\"https:\/\/www.texcene.com\/de\/massgeschneiderte-textillosungen-fur-den-wohnbereich\/\" class=\"btn border-white \" target=\"_blank\">Mehr erfahren<\/a>\n            <\/nav>\n                    <\/div>\n    <\/div>\n        <\/div>\n\n\n  \n    <div class=\"py-11 flex sides max-w-360  gap-8 md:gap-16 lg:gap-25 lg:items-center flex-col lg:flex-row\">\n        <!-- Image Column -->\n                \n        <div class=\"w-full lg:w-3\/5\">\n                        <img loading=\"lazy\" decoding=\"async\" width=\"1095\" height=\"866\" src=\"https:\/\/www.texcene.com\/wp-content\/uploads\/2026\/02\/magazzino-1.avif\" class=\"w-full h-auto\" alt=\"\" srcset=\"https:\/\/www.texcene.com\/wp-content\/uploads\/2026\/02\/magazzino-1.avif 1095w, https:\/\/www.texcene.com\/wp-content\/uploads\/2026\/02\/magazzino-1-300x237.avif 300w, https:\/\/www.texcene.com\/wp-content\/uploads\/2026\/02\/magazzino-1-1024x810.avif 1024w, https:\/\/www.texcene.com\/wp-content\/uploads\/2026\/02\/magazzino-1-768x607.avif 768w\" sizes=\"auto, (max-width: 1095px) 100vw, 1095px\" \/>                    <\/div>\n                <!-- Text Column -->\n        <div class=\"w-full flex flex-col gap-5 lg:w-2\/5 px-0 lg:pl-16\">\n                            <h3 class=\"text-sm\">Dienstleistungen<\/h3>\n                                        <h2 class=\"text-3xl lg:mt-4 lg:text-5xl font-bold\">Lager<\/h2>\n                                    <div class=\"lg:mt-4 content md:text-lg\">\n                <p>Wir stellen unseren Kunden ein Lager mit <strong>10.000 m\u00b2<\/strong> f\u00fcr die Einlagerung von Textilwaren zur Verf\u00fcgung \u2013 nachverfolgt und versichert.<br \/>\nSo bieten wir einen umfassenden Logistikservice, der <strong>die Warenabwicklung vom Wareneingang bis zur R\u00fccklieferung nach der Behandlung vereinfacht<\/strong>.<\/p>\n            <\/div>\n                                <\/div>\n            <\/div>\n\n\n  \n    <div class=\"py-11 flex sides max-w-360  gap-8 md:gap-16 lg:gap-25 lg:items-center lg:flex-row-reverse flex-col\">\n        <!-- Image Column -->\n                \n        <div class=\"w-full lg:w-3\/5\">\n                        <img loading=\"lazy\" decoding=\"async\" width=\"1095\" height=\"866\" src=\"https:\/\/www.texcene.com\/wp-content\/uploads\/2026\/02\/Ordini-personalizzabili.avif\" class=\"w-full h-auto\" alt=\"\" srcset=\"https:\/\/www.texcene.com\/wp-content\/uploads\/2026\/02\/Ordini-personalizzabili.avif 1095w, https:\/\/www.texcene.com\/wp-content\/uploads\/2026\/02\/Ordini-personalizzabili-300x237.avif 300w, https:\/\/www.texcene.com\/wp-content\/uploads\/2026\/02\/Ordini-personalizzabili-1024x810.avif 1024w, https:\/\/www.texcene.com\/wp-content\/uploads\/2026\/02\/Ordini-personalizzabili-768x607.avif 768w\" sizes=\"auto, (max-width: 1095px) 100vw, 1095px\" \/>                    <\/div>\n                <!-- Text Column -->\n        <div class=\"w-full flex flex-col gap-5 lg:w-2\/5 px-0 lg:pl-16\">\n                            <h3 class=\"text-sm\">Dienstleistungen<\/h3>\n                                        <h2 class=\"text-3xl lg:mt-4 lg:text-5xl font-bold\">Individuell anpassbare Auftr\u00e4ge<\/h2>\n                                    <div class=\"lg:mt-4 content md:text-lg\">\n                <p>In \u00fcber 40 Jahren T\u00e4tigkeit haben wir Veredelungen an Stoffen und Garnen jeder Art umgesetzt und dabei einen <strong>ma\u00dfgeschneiderten Ansatz gew\u00e4hlt, um die spezifischen Anforderungen jedes Kunden zu erf\u00fcllen<\/strong>.<\/p>\n<p><strong>Wir passen Mengen, Zeiten sowie Art der Behandlung und Abholung an<\/strong> \u2013 dank eines Werks, das alle Phasen der Veredelung, Ausr\u00fcstung und Bleiche in einem einzigen Produktionszentrum vereint.<\/p>\n            <\/div>\n                                <\/div>\n            <\/div>\n","protected":false},"excerpt":{"rendered":"","protected":false},"author":1,"featured_media":2701,"parent":0,"menu_order":0,"comment_status":"closed","ping_status":"closed","template":"","meta":{"_acf_changed":false,"footnotes":""},"class_list":["post-2902","page","type-page","status-publish","has-post-thumbnail","hentry"],"acf":[],"yoast_head":"<!-- This site is optimized with the Yoast SEO plugin v25.3.1 - https:\/\/yoast.com\/wordpress\/plugins\/seo\/ -->\n<title>Dienstleistungen - Texcene<\/title>\n<meta name=\"description\" content=\"Dienstleistungen von Texcene: Textill\u00f6sungen, Veredelung und flexible Auftr\u00e4ge f\u00fcr Luxusverpackungen und Wohntextilien.\" \/>\n<meta name=\"robots\" content=\"index, follow, max-snippet:-1, max-image-preview:large, max-video-preview:-1\" \/>\n<link rel=\"canonical\" href=\"https:\/\/www.texcene.com\/de\/dienstleistungen\/\" \/>\n<meta property=\"og:locale\" content=\"de_DE\" \/>\n<meta property=\"og:type\" content=\"article\" \/>\n<meta property=\"og:title\" content=\"Dienstleistungen - Texcene\" \/>\n<meta property=\"og:description\" content=\"Dienstleistungen von Texcene: Textill\u00f6sungen, Veredelung und flexible Auftr\u00e4ge f\u00fcr Luxusverpackungen und Wohntextilien.\" \/>\n<meta property=\"og:url\" content=\"https:\/\/www.texcene.com\/de\/dienstleistungen\/\" \/>\n<meta property=\"og:site_name\" content=\"Texcene\" \/>\n<meta property=\"article:modified_time\" content=\"2026-03-11T11:44:24+00:00\" \/>\n<meta property=\"og:image\" content=\"https:\/\/www.texcene.com\/wp-content\/uploads\/2026\/02\/I-nostri-servizi.avif\" \/>\n\t<meta property=\"og:image:width\" content=\"2160\" \/>\n\t<meta property=\"og:image:height\" content=\"827\" \/>\n\t<meta property=\"og:image:type\" content=\"image\/jpeg\" \/>\n<meta name=\"twitter:card\" content=\"summary_large_image\" \/>\n<meta name=\"twitter:label1\" content=\"Gesch\u00e4tzte Lesezeit\" \/>\n\t<meta name=\"twitter:data1\" content=\"1\u00a0Minute\" \/>\n<script type=\"application\/ld+json\" class=\"yoast-schema-graph\">{\"@context\":\"https:\/\/schema.org\",\"@graph\":[{\"@type\":\"WebPage\",\"@id\":\"https:\/\/www.texcene.com\/de\/dienstleistungen\/\",\"url\":\"https:\/\/www.texcene.com\/de\/dienstleistungen\/\",\"name\":\"Dienstleistungen - Texcene\",\"isPartOf\":{\"@id\":\"https:\/\/www.texcene.com\/de\/#website\"},\"primaryImageOfPage\":{\"@id\":\"https:\/\/www.texcene.com\/de\/dienstleistungen\/#primaryimage\"},\"image\":{\"@id\":\"https:\/\/www.texcene.com\/de\/dienstleistungen\/#primaryimage\"},\"thumbnailUrl\":\"https:\/\/www.texcene.com\/wp-content\/uploads\/2026\/02\/I-nostri-servizi.avif\",\"datePublished\":\"2025-09-19T08:29:57+00:00\",\"dateModified\":\"2026-03-11T11:44:24+00:00\",\"description\":\"Dienstleistungen von Texcene: Textill\u00f6sungen, Veredelung und flexible Auftr\u00e4ge f\u00fcr Luxusverpackungen und Wohntextilien.\",\"breadcrumb\":{\"@id\":\"https:\/\/www.texcene.com\/de\/dienstleistungen\/#breadcrumb\"},\"inLanguage\":\"de\",\"potentialAction\":[{\"@type\":\"ReadAction\",\"target\":[\"https:\/\/www.texcene.com\/de\/dienstleistungen\/\"]}]},{\"@type\":\"ImageObject\",\"inLanguage\":\"de\",\"@id\":\"https:\/\/www.texcene.com\/de\/dienstleistungen\/#primaryimage\",\"url\":\"https:\/\/www.texcene.com\/wp-content\/uploads\/2026\/02\/I-nostri-servizi.avif\",\"contentUrl\":\"https:\/\/www.texcene.com\/wp-content\/uploads\/2026\/02\/I-nostri-servizi.avif\",\"width\":2160,\"height\":827},{\"@type\":\"BreadcrumbList\",\"@id\":\"https:\/\/www.texcene.com\/de\/dienstleistungen\/#breadcrumb\",\"itemListElement\":[{\"@type\":\"ListItem\",\"position\":1,\"name\":\"Home\",\"item\":\"https:\/\/www.texcene.com\/de\/\"},{\"@type\":\"ListItem\",\"position\":2,\"name\":\"Dienstleistungen\"}]},{\"@type\":\"WebSite\",\"@id\":\"https:\/\/www.texcene.com\/de\/#website\",\"url\":\"https:\/\/www.texcene.com\/de\/\",\"name\":\"Texcene\",\"description\":\"\",\"potentialAction\":[{\"@type\":\"SearchAction\",\"target\":{\"@type\":\"EntryPoint\",\"urlTemplate\":\"https:\/\/www.texcene.com\/de\/?s={search_term_string}\"},\"query-input\":{\"@type\":\"PropertyValueSpecification\",\"valueRequired\":true,\"valueName\":\"search_term_string\"}}],\"inLanguage\":\"de\"}]}<\/script>\n<!-- \/ Yoast SEO plugin. -->","yoast_head_json":{"title":"Dienstleistungen - Texcene","description":"Dienstleistungen von Texcene: Textill\u00f6sungen, Veredelung und flexible Auftr\u00e4ge f\u00fcr Luxusverpackungen und Wohntextilien.","robots":{"index":"index","follow":"follow","max-snippet":"max-snippet:-1","max-image-preview":"max-image-preview:large","max-video-preview":"max-video-preview:-1"},"canonical":"https:\/\/www.texcene.com\/de\/dienstleistungen\/","og_locale":"de_DE","og_type":"article","og_title":"Dienstleistungen - Texcene","og_description":"Dienstleistungen von Texcene: Textill\u00f6sungen, Veredelung und flexible Auftr\u00e4ge f\u00fcr Luxusverpackungen und Wohntextilien.","og_url":"https:\/\/www.texcene.com\/de\/dienstleistungen\/","og_site_name":"Texcene","article_modified_time":"2026-03-11T11:44:24+00:00","og_image":[{"width":2160,"height":827,"url":"https:\/\/www.texcene.com\/wp-content\/uploads\/2026\/02\/I-nostri-servizi.avif","type":"image\/jpeg"}],"twitter_card":"summary_large_image","twitter_misc":{"Gesch\u00e4tzte Lesezeit":"1\u00a0Minute"},"schema":{"@context":"https:\/\/schema.org","@graph":[{"@type":"WebPage","@id":"https:\/\/www.texcene.com\/de\/dienstleistungen\/","url":"https:\/\/www.texcene.com\/de\/dienstleistungen\/","name":"Dienstleistungen - Texcene","isPartOf":{"@id":"https:\/\/www.texcene.com\/de\/#website"},"primaryImageOfPage":{"@id":"https:\/\/www.texcene.com\/de\/dienstleistungen\/#primaryimage"},"image":{"@id":"https:\/\/www.texcene.com\/de\/dienstleistungen\/#primaryimage"},"thumbnailUrl":"https:\/\/www.texcene.com\/wp-content\/uploads\/2026\/02\/I-nostri-servizi.avif","datePublished":"2025-09-19T08:29:57+00:00","dateModified":"2026-03-11T11:44:24+00:00","description":"Dienstleistungen von Texcene: Textill\u00f6sungen, Veredelung und flexible Auftr\u00e4ge f\u00fcr Luxusverpackungen und Wohntextilien.","breadcrumb":{"@id":"https:\/\/www.texcene.com\/de\/dienstleistungen\/#breadcrumb"},"inLanguage":"de","potentialAction":[{"@type":"ReadAction","target":["https:\/\/www.texcene.com\/de\/dienstleistungen\/"]}]},{"@type":"ImageObject","inLanguage":"de","@id":"https:\/\/www.texcene.com\/de\/dienstleistungen\/#primaryimage","url":"https:\/\/www.texcene.com\/wp-content\/uploads\/2026\/02\/I-nostri-servizi.avif","contentUrl":"https:\/\/www.texcene.com\/wp-content\/uploads\/2026\/02\/I-nostri-servizi.avif","width":2160,"height":827},{"@type":"BreadcrumbList","@id":"https:\/\/www.texcene.com\/de\/dienstleistungen\/#breadcrumb","itemListElement":[{"@type":"ListItem","position":1,"name":"Home","item":"https:\/\/www.texcene.com\/de\/"},{"@type":"ListItem","position":2,"name":"Dienstleistungen"}]},{"@type":"WebSite","@id":"https:\/\/www.texcene.com\/de\/#website","url":"https:\/\/www.texcene.com\/de\/","name":"Texcene","description":"","potentialAction":[{"@type":"SearchAction","target":{"@type":"EntryPoint","urlTemplate":"https:\/\/www.texcene.com\/de\/?s={search_term_string}"},"query-input":{"@type":"PropertyValueSpecification","valueRequired":true,"valueName":"search_term_string"}}],"inLanguage":"de"}]}},"_links":{"self":[{"href":"https:\/\/www.texcene.com\/de\/wp-json\/wp\/v2\/pages\/2902","targetHints":{"allow":["GET"]}}],"collection":[{"href":"https:\/\/www.texcene.com\/de\/wp-json\/wp\/v2\/pages"}],"about":[{"href":"https:\/\/www.texcene.com\/de\/wp-json\/wp\/v2\/types\/page"}],"author":[{"embeddable":true,"href":"https:\/\/www.texcene.com\/de\/wp-json\/wp\/v2\/users\/1"}],"replies":[{"embeddable":true,"href":"https:\/\/www.texcene.com\/de\/wp-json\/wp\/v2\/comments?post=2902"}],"version-history":[{"count":1,"href":"https:\/\/www.texcene.com\/de\/wp-json\/wp\/v2\/pages\/2902\/revisions"}],"predecessor-version":[{"id":2921,"href":"https:\/\/www.texcene.com\/de\/wp-json\/wp\/v2\/pages\/2902\/revisions\/2921"}],"wp:featuredmedia":[{"embeddable":true,"href":"https:\/\/www.texcene.com\/de\/wp-json\/wp\/v2\/media\/2701"}],"wp:attachment":[{"href":"https:\/\/www.texcene.com\/de\/wp-json\/wp\/v2\/media?parent=2902"}],"curies":[{"name":"wp","href":"https:\/\/api.w.org\/{rel}","templated":true}]}}