{"id":2452,"date":"2025-06-26T16:26:16","date_gmt":"2025-06-26T14:26:16","guid":{"rendered":"https:\/\/texcene.bspkn.it\/contratti-energia-pulita\/"},"modified":"2026-03-11T14:28:50","modified_gmt":"2026-03-11T13:28:50","slug":"contrats-denergie-verte","status":"publish","type":"page","link":"https:\/\/www.texcene.com\/fr\/contrats-denergie-verte\/","title":{"rendered":"Contrats d\u2019\u00e9nergie verte"},"content":{"rendered":"<header role=\"hero\" class=\"relative flex flex-col items-start bg-black justify-end text-white  \">\n    <img loading=\"lazy\" decoding=\"async\" width=\"2160\" height=\"827\" src=\"https:\/\/www.texcene.com\/wp-content\/uploads\/2025\/06\/energia-pulita.avif\" class=\"size-full top-0 left-0 z-0 object-cover absolute\" alt=\"\" srcset=\"https:\/\/www.texcene.com\/wp-content\/uploads\/2025\/06\/energia-pulita.avif 2160w, https:\/\/www.texcene.com\/wp-content\/uploads\/2025\/06\/energia-pulita-300x115.avif 300w, https:\/\/www.texcene.com\/wp-content\/uploads\/2025\/06\/energia-pulita-1024x392.avif 1024w, https:\/\/www.texcene.com\/wp-content\/uploads\/2025\/06\/energia-pulita-768x294.avif 768w, https:\/\/www.texcene.com\/wp-content\/uploads\/2025\/06\/energia-pulita-1536x588.avif 1536w, https:\/\/www.texcene.com\/wp-content\/uploads\/2025\/06\/energia-pulita-2048x784.avif 2048w\" sizes=\"auto, (max-width: 2160px) 100vw, 2160px\" \/>        \n    <div class=\"relative sides flex flex-col items-start w-full gap-5 md:gap-8 max-w-303 pt-20 pb-15 md:pt-37 md:pb-30\">\n        <h1 class=\"text-3xl md:text-5xl lg:text-7xl font-bold pt-25 md:pt-30 md:max-w-2\/3\">Contrats d\u2019\u00e9nergie verte<\/h1>\n                <h2 class=\"font-inter text-lg md:text-2xl \">Nous choisissons uniquement de l\u2019\u00e9nergie verte, m\u00eame lorsque nous ne la produisons pas nous-m\u00eames.<\/h2>\n            <\/div>\n    <\/header>\n\n  \n    <div class=\"py-11 flex sides max-w-360  gap-8 md:gap-16 lg:gap-25 lg:items-center flex-col-reverse lg:flex-row\">\n        <!-- Image Column -->\n                \n        <div class=\"w-full lg:w-3\/5\">\n                        <div class=\"grid grid-rows-3 gap-5\">\n                                <div class=\"flex flex-col md:flex-row items-center gap-5 md:gap-10 p-8 relative text-white px-12\">\n                                            <img loading=\"lazy\" decoding=\"async\" width=\"1095\" height=\"236\" src=\"https:\/\/www.texcene.com\/wp-content\/uploads\/2025\/06\/verificabili.avif\" class=\"size-full absolute top-0 left-0 object-cover\" alt=\"\" srcset=\"https:\/\/www.texcene.com\/wp-content\/uploads\/2025\/06\/verificabili.avif 1095w, https:\/\/www.texcene.com\/wp-content\/uploads\/2025\/06\/verificabili-300x65.avif 300w, https:\/\/www.texcene.com\/wp-content\/uploads\/2025\/06\/verificabili-1024x221.avif 1024w, https:\/\/www.texcene.com\/wp-content\/uploads\/2025\/06\/verificabili-768x166.avif 768w\" sizes=\"auto, (max-width: 1095px) 100vw, 1095px\" \/>                                                            <header class=\"md:w-1\/3 relative\">\n                                                <h3 class=\"text-xl md:text-2xl font-bold leading-none\">\n                            V\u00e9rifiables                        <\/h3>\n                                            <\/header>\n                                        <div class=\"content [&#038;_li]:marker:text-white md:w-2\/3 font-bold text-sm relative\">\n                        <p>Via une documentation officielle<\/p>\n                    <\/div>\n                                    <\/div>  \n                                <div class=\"flex flex-col md:flex-row items-center gap-5 md:gap-10 p-8 relative text-white px-12\">\n                                            <img loading=\"lazy\" decoding=\"async\" width=\"1095\" height=\"236\" src=\"https:\/\/www.texcene.com\/wp-content\/uploads\/2025\/06\/associati-a-garanzie.avif\" class=\"size-full absolute top-0 left-0 object-cover\" alt=\"\" srcset=\"https:\/\/www.texcene.com\/wp-content\/uploads\/2025\/06\/associati-a-garanzie.avif 1095w, https:\/\/www.texcene.com\/wp-content\/uploads\/2025\/06\/associati-a-garanzie-300x65.avif 300w, https:\/\/www.texcene.com\/wp-content\/uploads\/2025\/06\/associati-a-garanzie-1024x221.avif 1024w, https:\/\/www.texcene.com\/wp-content\/uploads\/2025\/06\/associati-a-garanzie-768x166.avif 768w\" sizes=\"auto, (max-width: 1095px) 100vw, 1095px\" \/>                                                            <header class=\"md:w-1\/3 relative\">\n                                                <h3 class=\"text-xl md:text-2xl font-bold leading-none\">\n                            Associ\u00e9s \u00e0 des garanties                        <\/h3>\n                                            <\/header>\n                                        <div class=\"content [&#038;_li]:marker:text-white md:w-2\/3 font-bold text-sm relative\">\n                        <p>D\u2019origine tra\u00e7able<\/p>\n                    <\/div>\n                                    <\/div>  \n                                <div class=\"flex flex-col md:flex-row items-center gap-5 md:gap-10 p-8 relative text-white px-12\">\n                                            <img loading=\"lazy\" decoding=\"async\" width=\"1095\" height=\"236\" src=\"https:\/\/www.texcene.com\/wp-content\/uploads\/2025\/06\/allineati-con-requisiti.avif\" class=\"size-full absolute top-0 left-0 object-cover\" alt=\"\" srcset=\"https:\/\/www.texcene.com\/wp-content\/uploads\/2025\/06\/allineati-con-requisiti.avif 1095w, https:\/\/www.texcene.com\/wp-content\/uploads\/2025\/06\/allineati-con-requisiti-300x65.avif 300w, https:\/\/www.texcene.com\/wp-content\/uploads\/2025\/06\/allineati-con-requisiti-1024x221.avif 1024w, https:\/\/www.texcene.com\/wp-content\/uploads\/2025\/06\/allineati-con-requisiti-768x166.avif 768w\" sizes=\"auto, (max-width: 1095px) 100vw, 1095px\" \/>                                                            <header class=\"md:w-1\/3 relative\">\n                                                <h3 class=\"text-xl md:text-2xl font-bold leading-none\">\n                            Align\u00e9s sur les exigences                        <\/h3>\n                                            <\/header>\n                                        <div class=\"content [&#038;_li]:marker:text-white md:w-2\/3 font-bold text-sm relative\">\n                        <p>Exig\u00e9s par ZDHC, GRI et d\u2019autres normes de durabilit\u00e9<\/p>\n                    <\/div>\n                                    <\/div>  \n                   \n            <\/div>\n                    <\/div>\n                <!-- Text Column -->\n        <div class=\"w-full flex flex-col gap-5 lg:w-2\/5 px-0 lg:pl-16\">\n                            <h3 class=\"text-sm\">Notre \u00e9nergie<\/h3>\n                                        <h2 class=\"text-3xl  lg:text-5xl font-bold\">Nos partenaires \u00e9nerg\u00e9tiques<\/h2>\n                                    <div class=\"lg:mt-4 content md:text-lg\">\n                <p>Nous avons s\u00e9lectionn\u00e9 des fournisseurs d\u2019\u00e9nergie qui op\u00e8rent en toute transparence et qui investissent activement dans la transition \u00e9nerg\u00e9tique.<\/p>\n<p>L\u00e0 o\u00f9 nous ne pouvons pas produire directement, nous choisissons n\u00e9anmoins de l\u2019\u00e9nergie conforme \u00e0 nos valeurs.<\/p>\n            <\/div>\n                                <\/div>\n            <\/div>\n\n\n<div class=\"sides max-w-360 py-8 lg:py-11 grid grid-cols-1 lg:grid-cols-11 gap-5\">\n        <header class=\"col-span-full text-center mb-5\">\n        <h2 class=\"text-3xl md:text-4xl lg:text-5xl font-bold mb-5 col-span-full\">\n        Pourquoi est-ce important\u202f?    <\/h2>\n            <\/header>\n            <div class=\"relative px-5 py-8 md:px-10 md:py-16 lg:py-25  text-white md:col-span-7 lg:px-12\">\n    <img loading=\"lazy\" decoding=\"async\" width=\"1242\" height=\"422\" src=\"https:\/\/www.texcene.com\/wp-content\/uploads\/2025\/06\/foto-di-una-centrale-idroelettrica.avif\" class=\"z-0 size-full absolute top-0 left-0 object-cover\" alt=\"\" srcset=\"https:\/\/www.texcene.com\/wp-content\/uploads\/2025\/06\/foto-di-una-centrale-idroelettrica.avif 1242w, https:\/\/www.texcene.com\/wp-content\/uploads\/2025\/06\/foto-di-una-centrale-idroelettrica-300x102.avif 300w, https:\/\/www.texcene.com\/wp-content\/uploads\/2025\/06\/foto-di-una-centrale-idroelettrica-1024x348.avif 1024w, https:\/\/www.texcene.com\/wp-content\/uploads\/2025\/06\/foto-di-una-centrale-idroelettrica-768x261.avif 768w\" sizes=\"auto, (max-width: 1242px) 100vw, 1242px\" \/>    <h4 class=\"font-bold text-2xl lg:text-4xl relative\">Soutient concr\u00e8tement le march\u00e9 des \u00e9nergies renouvelables<\/h4>\n    <\/div>\n        <div class=\"relative px-5 py-8 md:px-10 md:py-16 lg:py-25  text-white lg:col-span-4 lg:px-12\">\n    <img loading=\"lazy\" decoding=\"async\" width=\"722\" height=\"422\" src=\"https:\/\/www.texcene.com\/wp-content\/uploads\/2025\/06\/riduce-emissioni.avif\" class=\"z-0 size-full absolute top-0 left-0 object-cover\" alt=\"\" srcset=\"https:\/\/www.texcene.com\/wp-content\/uploads\/2025\/06\/riduce-emissioni.avif 722w, https:\/\/www.texcene.com\/wp-content\/uploads\/2025\/06\/riduce-emissioni-300x175.avif 300w\" sizes=\"auto, (max-width: 722px) 100vw, 722px\" \/>    <h4 class=\"font-bold text-2xl lg:text-4xl relative\">R\u00e9duit les \u00e9missions de Scope 2<\/h4>\n    <\/div>\n        <div class=\"relative px-5 py-8 md:px-10 md:py-16 lg:py-25  text-white md:col-span-4 lg:px-12\">\n    <img loading=\"lazy\" decoding=\"async\" width=\"722\" height=\"422\" src=\"https:\/\/www.texcene.com\/wp-content\/uploads\/2025\/06\/permette-filiera-pulita.avif\" class=\"z-0 size-full absolute top-0 left-0 object-cover\" alt=\"\" srcset=\"https:\/\/www.texcene.com\/wp-content\/uploads\/2025\/06\/permette-filiera-pulita.avif 722w, https:\/\/www.texcene.com\/wp-content\/uploads\/2025\/06\/permette-filiera-pulita-300x175.avif 300w\" sizes=\"auto, (max-width: 722px) 100vw, 722px\" \/>    <h4 class=\"font-bold text-2xl lg:text-4xl relative\">Permet une cha\u00eene d\u2019approvisionnement plus propre et transparente<\/h4>\n    <\/div>\n        <div class=\"relative px-5 py-8 md:px-10 md:py-16 lg:py-25  text-white lg:col-span-3 lg:px-12\">\n    <img loading=\"lazy\" decoding=\"async\" width=\"492\" height=\"422\" src=\"https:\/\/www.texcene.com\/wp-content\/uploads\/2025\/06\/tessuto-responsabile.avif\" class=\"z-0 size-full absolute top-0 left-0 object-cover\" alt=\"\" srcset=\"https:\/\/www.texcene.com\/wp-content\/uploads\/2025\/06\/tessuto-responsabile.avif 492w, https:\/\/www.texcene.com\/wp-content\/uploads\/2025\/06\/tessuto-responsabile-300x257.avif 300w\" sizes=\"auto, (max-width: 492px) 100vw, 492px\" \/>    <h4 class=\"font-bold text-2xl lg:text-4xl relative\">Rend le textile plus responsable<\/h4>\n    <\/div>\n        <div class=\"relative px-5 py-8 md:px-10 md:py-16 lg:py-25  text-white md:col-span-4 lg:px-12\">\n    <img loading=\"lazy\" decoding=\"async\" width=\"720\" height=\"422\" src=\"https:\/\/www.texcene.com\/wp-content\/uploads\/2025\/06\/favoriesce-rendicontazione.avif\" class=\"z-0 size-full absolute top-0 left-0 object-cover\" alt=\"\" srcset=\"https:\/\/www.texcene.com\/wp-content\/uploads\/2025\/06\/favoriesce-rendicontazione.avif 720w, https:\/\/www.texcene.com\/wp-content\/uploads\/2025\/06\/favoriesce-rendicontazione-300x176.avif 300w\" sizes=\"auto, (max-width: 720px) 100vw, 720px\" \/>    <h4 class=\"font-bold text-2xl lg:text-4xl relative\">Favorise le reporting ESG dans les bilans d\u2019entreprise<\/h4>\n    <\/div>\n    <\/div>\n","protected":false},"excerpt":{"rendered":"","protected":false},"author":1,"featured_media":1459,"parent":0,"menu_order":0,"comment_status":"closed","ping_status":"closed","template":"","meta":{"_acf_changed":false,"footnotes":""},"class_list":["post-2452","page","type-page","status-publish","has-post-thumbnail","hentry"],"acf":[],"yoast_head":"<!-- This site is optimized with the Yoast SEO plugin v25.3.1 - https:\/\/yoast.com\/wordpress\/plugins\/seo\/ -->\n<title>Contrats d\u2019\u00e9nergie verte - Texcene<\/title>\n<meta name=\"description\" content=\"Les contrats d\u2019\u00e9nergie verte de Texcene soutiennent une production textile plus durable, responsable et orient\u00e9e vers l\u2019avenir.\" \/>\n<meta name=\"robots\" content=\"index, follow, max-snippet:-1, max-image-preview:large, max-video-preview:-1\" \/>\n<link rel=\"canonical\" href=\"https:\/\/www.texcene.com\/fr\/contrats-denergie-verte\/\" \/>\n<meta property=\"og:locale\" content=\"fr_FR\" \/>\n<meta property=\"og:type\" content=\"article\" \/>\n<meta property=\"og:title\" content=\"Contrats d\u2019\u00e9nergie verte - Texcene\" \/>\n<meta property=\"og:description\" content=\"Les contrats d\u2019\u00e9nergie verte de Texcene soutiennent une production textile plus durable, responsable et orient\u00e9e vers l\u2019avenir.\" \/>\n<meta property=\"og:url\" content=\"https:\/\/www.texcene.com\/fr\/contrats-denergie-verte\/\" \/>\n<meta property=\"og:site_name\" content=\"Texcene\" \/>\n<meta property=\"article:modified_time\" content=\"2026-03-11T13:28:50+00:00\" \/>\n<meta property=\"og:image\" content=\"https:\/\/www.texcene.com\/wp-content\/uploads\/2025\/06\/energia-pulita.avif\" \/>\n\t<meta property=\"og:image:width\" content=\"2160\" \/>\n\t<meta property=\"og:image:height\" content=\"827\" \/>\n\t<meta property=\"og:image:type\" content=\"image\/jpeg\" \/>\n<meta name=\"twitter:card\" content=\"summary_large_image\" \/>\n<meta name=\"twitter:label1\" content=\"Dur\u00e9e de lecture estim\u00e9e\" \/>\n\t<meta name=\"twitter:data1\" content=\"1 minute\" \/>\n<script type=\"application\/ld+json\" class=\"yoast-schema-graph\">{\"@context\":\"https:\/\/schema.org\",\"@graph\":[{\"@type\":\"WebPage\",\"@id\":\"https:\/\/www.texcene.com\/fr\/contrats-denergie-verte\/\",\"url\":\"https:\/\/www.texcene.com\/fr\/contrats-denergie-verte\/\",\"name\":\"Contrats d\u2019\u00e9nergie verte - Texcene\",\"isPartOf\":{\"@id\":\"https:\/\/www.texcene.com\/fr\/#website\"},\"primaryImageOfPage\":{\"@id\":\"https:\/\/www.texcene.com\/fr\/contrats-denergie-verte\/#primaryimage\"},\"image\":{\"@id\":\"https:\/\/www.texcene.com\/fr\/contrats-denergie-verte\/#primaryimage\"},\"thumbnailUrl\":\"https:\/\/www.texcene.com\/wp-content\/uploads\/2025\/06\/energia-pulita.avif\",\"datePublished\":\"2025-06-26T14:26:16+00:00\",\"dateModified\":\"2026-03-11T13:28:50+00:00\",\"description\":\"Les contrats d\u2019\u00e9nergie verte de Texcene soutiennent une production textile plus durable, responsable et orient\u00e9e vers l\u2019avenir.\",\"breadcrumb\":{\"@id\":\"https:\/\/www.texcene.com\/fr\/contrats-denergie-verte\/#breadcrumb\"},\"inLanguage\":\"fr-FR\",\"potentialAction\":[{\"@type\":\"ReadAction\",\"target\":[\"https:\/\/www.texcene.com\/fr\/contrats-denergie-verte\/\"]}]},{\"@type\":\"ImageObject\",\"inLanguage\":\"fr-FR\",\"@id\":\"https:\/\/www.texcene.com\/fr\/contrats-denergie-verte\/#primaryimage\",\"url\":\"https:\/\/www.texcene.com\/wp-content\/uploads\/2025\/06\/energia-pulita.avif\",\"contentUrl\":\"https:\/\/www.texcene.com\/wp-content\/uploads\/2025\/06\/energia-pulita.avif\",\"width\":2160,\"height\":827},{\"@type\":\"BreadcrumbList\",\"@id\":\"https:\/\/www.texcene.com\/fr\/contrats-denergie-verte\/#breadcrumb\",\"itemListElement\":[{\"@type\":\"ListItem\",\"position\":1,\"name\":\"Home\",\"item\":\"https:\/\/www.texcene.com\/fr\/\"},{\"@type\":\"ListItem\",\"position\":2,\"name\":\"Contrats d\u2019\u00e9nergie verte\"}]},{\"@type\":\"WebSite\",\"@id\":\"https:\/\/www.texcene.com\/fr\/#website\",\"url\":\"https:\/\/www.texcene.com\/fr\/\",\"name\":\"Texcene\",\"description\":\"\",\"potentialAction\":[{\"@type\":\"SearchAction\",\"target\":{\"@type\":\"EntryPoint\",\"urlTemplate\":\"https:\/\/www.texcene.com\/fr\/?s={search_term_string}\"},\"query-input\":{\"@type\":\"PropertyValueSpecification\",\"valueRequired\":true,\"valueName\":\"search_term_string\"}}],\"inLanguage\":\"fr-FR\"}]}<\/script>\n<!-- \/ Yoast SEO plugin. -->","yoast_head_json":{"title":"Contrats d\u2019\u00e9nergie verte - Texcene","description":"Les contrats d\u2019\u00e9nergie verte de Texcene soutiennent une production textile plus durable, responsable et orient\u00e9e vers l\u2019avenir.","robots":{"index":"index","follow":"follow","max-snippet":"max-snippet:-1","max-image-preview":"max-image-preview:large","max-video-preview":"max-video-preview:-1"},"canonical":"https:\/\/www.texcene.com\/fr\/contrats-denergie-verte\/","og_locale":"fr_FR","og_type":"article","og_title":"Contrats d\u2019\u00e9nergie verte - Texcene","og_description":"Les contrats d\u2019\u00e9nergie verte de Texcene soutiennent une production textile plus durable, responsable et orient\u00e9e vers l\u2019avenir.","og_url":"https:\/\/www.texcene.com\/fr\/contrats-denergie-verte\/","og_site_name":"Texcene","article_modified_time":"2026-03-11T13:28:50+00:00","og_image":[{"width":2160,"height":827,"url":"https:\/\/www.texcene.com\/wp-content\/uploads\/2025\/06\/energia-pulita.avif","type":"image\/jpeg"}],"twitter_card":"summary_large_image","twitter_misc":{"Dur\u00e9e de lecture estim\u00e9e":"1 minute"},"schema":{"@context":"https:\/\/schema.org","@graph":[{"@type":"WebPage","@id":"https:\/\/www.texcene.com\/fr\/contrats-denergie-verte\/","url":"https:\/\/www.texcene.com\/fr\/contrats-denergie-verte\/","name":"Contrats d\u2019\u00e9nergie verte - Texcene","isPartOf":{"@id":"https:\/\/www.texcene.com\/fr\/#website"},"primaryImageOfPage":{"@id":"https:\/\/www.texcene.com\/fr\/contrats-denergie-verte\/#primaryimage"},"image":{"@id":"https:\/\/www.texcene.com\/fr\/contrats-denergie-verte\/#primaryimage"},"thumbnailUrl":"https:\/\/www.texcene.com\/wp-content\/uploads\/2025\/06\/energia-pulita.avif","datePublished":"2025-06-26T14:26:16+00:00","dateModified":"2026-03-11T13:28:50+00:00","description":"Les contrats d\u2019\u00e9nergie verte de Texcene soutiennent une production textile plus durable, responsable et orient\u00e9e vers l\u2019avenir.","breadcrumb":{"@id":"https:\/\/www.texcene.com\/fr\/contrats-denergie-verte\/#breadcrumb"},"inLanguage":"fr-FR","potentialAction":[{"@type":"ReadAction","target":["https:\/\/www.texcene.com\/fr\/contrats-denergie-verte\/"]}]},{"@type":"ImageObject","inLanguage":"fr-FR","@id":"https:\/\/www.texcene.com\/fr\/contrats-denergie-verte\/#primaryimage","url":"https:\/\/www.texcene.com\/wp-content\/uploads\/2025\/06\/energia-pulita.avif","contentUrl":"https:\/\/www.texcene.com\/wp-content\/uploads\/2025\/06\/energia-pulita.avif","width":2160,"height":827},{"@type":"BreadcrumbList","@id":"https:\/\/www.texcene.com\/fr\/contrats-denergie-verte\/#breadcrumb","itemListElement":[{"@type":"ListItem","position":1,"name":"Home","item":"https:\/\/www.texcene.com\/fr\/"},{"@type":"ListItem","position":2,"name":"Contrats d\u2019\u00e9nergie verte"}]},{"@type":"WebSite","@id":"https:\/\/www.texcene.com\/fr\/#website","url":"https:\/\/www.texcene.com\/fr\/","name":"Texcene","description":"","potentialAction":[{"@type":"SearchAction","target":{"@type":"EntryPoint","urlTemplate":"https:\/\/www.texcene.com\/fr\/?s={search_term_string}"},"query-input":{"@type":"PropertyValueSpecification","valueRequired":true,"valueName":"search_term_string"}}],"inLanguage":"fr-FR"}]}},"_links":{"self":[{"href":"https:\/\/www.texcene.com\/fr\/wp-json\/wp\/v2\/pages\/2452","targetHints":{"allow":["GET"]}}],"collection":[{"href":"https:\/\/www.texcene.com\/fr\/wp-json\/wp\/v2\/pages"}],"about":[{"href":"https:\/\/www.texcene.com\/fr\/wp-json\/wp\/v2\/types\/page"}],"author":[{"embeddable":true,"href":"https:\/\/www.texcene.com\/fr\/wp-json\/wp\/v2\/users\/1"}],"replies":[{"embeddable":true,"href":"https:\/\/www.texcene.com\/fr\/wp-json\/wp\/v2\/comments?post=2452"}],"version-history":[{"count":3,"href":"https:\/\/www.texcene.com\/fr\/wp-json\/wp\/v2\/pages\/2452\/revisions"}],"predecessor-version":[{"id":2460,"href":"https:\/\/www.texcene.com\/fr\/wp-json\/wp\/v2\/pages\/2452\/revisions\/2460"}],"wp:featuredmedia":[{"embeddable":true,"href":"https:\/\/www.texcene.com\/fr\/wp-json\/wp\/v2\/media\/1459"}],"wp:attachment":[{"href":"https:\/\/www.texcene.com\/fr\/wp-json\/wp\/v2\/media?parent=2452"}],"curies":[{"name":"wp","href":"https:\/\/api.w.org\/{rel}","templated":true}]}}